{"id":2931,"date":"2026-02-13T16:30:41","date_gmt":"2026-02-13T15:30:41","guid":{"rendered":"https:\/\/garage79-garnier-automobiles.fr\/?post_type=product&#038;p=2931"},"modified":"2026-02-13T16:30:41","modified_gmt":"2026-02-13T15:30:41","slug":"toyota-yaris-cross-1-5-115h-hybrid-2wd-design","status":"publish","type":"product","link":"https:\/\/garage79-garnier-automobiles.fr\/product\/toyota-yaris-cross-1-5-115h-hybrid-2wd-design\/","title":{"rendered":"TOYOTA YARIS CROSS 1.5 115h HYBRID 2WD DESIGN"},"content":{"rendered":"","protected":false},"excerpt":{"rendered":"<p>TOYOTA YARIS CROSS 1.5 115h HYBRID 2WD DESIGN<\/p>\n<p>Date de mise en circulation: 12\/06\/2023<br \/>\nKilom\u00e9trage: 50 000<br \/>\nEnergie: Essence-Hybrid<br \/>\nCouleur: Blanc<br \/>\nBoite: Automatique<br \/>\nNombre de places: 5<br \/>\nNombre de portes: 5<\/p>\n<p>Audio &#8211; T\u00e9l\u00e9communications<br \/>\n6 Haut parleurs<br \/>\nAppel d&rsquo;Assistance Localis\u00e9<br \/>\nAppel d&rsquo;Urgence Localis\u00e9<br \/>\nCommandes du syst\u00e8me audio au volant<br \/>\nEcran tactile<br \/>\nGPS Cartographique<br \/>\nInterface Media<br \/>\nKit mains-libres Bluetooth<br \/>\nPrise USB<br \/>\nRadio num\u00e9rique DAB<br \/>\nServices connect\u00e9s<\/p>\n<p>Conduite<br \/>\nAide au d\u00e9marrage en c\u00f4te<br \/>\nAllumage des phares automatique<br \/>\nCapteur de luminosit\u00e9<br \/>\nCapteur de pluie<br \/>\nD\u00e9marrage sans cl\u00e9<br \/>\nLimiteur de vitesse<br \/>\nR\u00e9gulateur de vitesse adaptatif<br \/>\nSyst\u00e8me d&rsquo;acc\u00e8s sans cl\u00e9<\/p>\n<p>Couleur<br \/>\nBlanc Pur<br \/>\n&#8211; Blanc<br \/>\n&#8211; Peinture<br \/>\nTissu Gris<br \/>\n&#8211; Gris<br \/>\n&#8211; Sellerie tissu<\/p>\n<p>Ext\u00e9rieur<br \/>\nCam\u00e9ra de recul<br \/>\nFeux arri\u00e8re \u00e0 LED<br \/>\nFeux de jour \u00e0 LED<br \/>\nFeux de route automatiques<br \/>\nJantes Alu<br \/>\nPhares avant LED<br \/>\nR\u00e9troviseurs d\u00e9givrants<br \/>\nR\u00e9troviseurs rabattables \u00e9lectriquement<br \/>\nR\u00e9troviseurs \u00e9lectriques<br \/>\nSyst\u00e8me d&rsquo;\u00e9clairage intelligent<\/p>\n<p>Int\u00e9rieur<br \/>\nPack Cargo 800 \u20ac TTC<br \/>\n&#8211; Plancher de coffre mobile<br \/>\n&#8211; Radar de stationnement AR<br \/>\n&#8211; Radar de stationnement AV<br \/>\n&#8211; Si\u00e8ge conducteur chauffant<br \/>\n&#8211; Si\u00e8ge passager chauffant<br \/>\n&#8211; Syst\u00e8me de contr\u00f4le des angles morts<br \/>\n&#8211; Syst\u00e8me de pr\u00e9vention des collisions AR<br \/>\nAccoudoir central AV<br \/>\nBanquette 60\/40<br \/>\nClim automatique<br \/>\nCompte tours<br \/>\nEcran multifonction couleur<br \/>\nFiltre \u00e0 Pollen<br \/>\nFixations Isofix aux places arri\u00e8res<br \/>\nLampe de coffre<br \/>\nLunette arri\u00e8re surteint\u00e9e<br \/>\nOrdinateur de bord<br \/>\nR\u00e9troviseur int\u00e9rieur \u00e9lectrochrome<br \/>\nSi\u00e8ge conducteur r\u00e9glable en hauteur<br \/>\nSi\u00e8ge passager r\u00e9glable en hauteur<br \/>\nTablette cache bagages<br \/>\nVerrouillage centralis\u00e9 des portes<br \/>\nVerrouillage centralis\u00e9 \u00e0 distance<br \/>\nVitres arri\u00e8re surteint\u00e9es<br \/>\nVitres arri\u00e8re \u00e9lectriques<br \/>\nVitres avant \u00e9lectriques<br \/>\nVitres teint\u00e9es<br \/>\nVolant cuir<br \/>\nVolant multifonction<br \/>\nVolant r\u00e9glable en profondeur et hauteur<\/p>\n<p>S\u00e9curit\u00e9<br \/>\nABS<br \/>\nAFIL<br \/>\nAide au freinage d&rsquo;urgence<br \/>\nAirbag conducteur<br \/>\nAirbag passager<br \/>\nAirbag passager d\u00e9connectable<br \/>\nAirbags lat\u00e9raux avant<br \/>\nAirbags rideaux<br \/>\nAirbags rideaux AR<br \/>\nAntid\u00e9marrage \u00e9lectronique<br \/>\nAntipatinage<br \/>\nAssistance de maintient de trajectoire<br \/>\nD\u00e9tecteur de sous-gonflage<br \/>\nESP<br \/>\nFreinage automatique d&rsquo;urgence<br \/>\nPhares antibrouillard LED<br \/>\nReconnaissance panneaux de signalisation<br \/>\nR\u00e9partiteur \u00e9lectronique de freinage<br \/>\nSyst\u00e8me avanc\u00e9 de d\u00e9tection d&rsquo;obstacles<br \/>\nSyst\u00e8me d&rsquo;alerte de v\u00e9hicule en approche<br \/>\nSyst\u00e8me de d\u00e9tection de somnolence<br \/>\nSyst\u00e8me de pr\u00e9vention des collisions<br \/>\nTroisi\u00e8me ceinture de s\u00e9curit\u00e9<\/p>\n","protected":false},"featured_media":2932,"comment_status":"closed","ping_status":"closed","template":"","meta":[],"product_brand":[],"product_cat":[47],"product_tag":[],"class_list":{"0":"post-2931","1":"product","2":"type-product","3":"status-publish","4":"has-post-thumbnail","6":"product_cat-vehicules-doccasion","8":"first","9":"instock","10":"shipping-taxable","11":"purchasable","12":"product-type-simple"},"aioseo_notices":[],"_links":{"self":[{"href":"https:\/\/garage79-garnier-automobiles.fr\/nov-apijson\/wp\/v2\/product\/2931","targetHints":{"allow":["GET"]}}],"collection":[{"href":"https:\/\/garage79-garnier-automobiles.fr\/nov-apijson\/wp\/v2\/product"}],"about":[{"href":"https:\/\/garage79-garnier-automobiles.fr\/nov-apijson\/wp\/v2\/types\/product"}],"replies":[{"embeddable":true,"href":"https:\/\/garage79-garnier-automobiles.fr\/nov-apijson\/wp\/v2\/comments?post=2931"}],"wp:featuredmedia":[{"embeddable":true,"href":"https:\/\/garage79-garnier-automobiles.fr\/nov-apijson\/wp\/v2\/media\/2932"}],"wp:attachment":[{"href":"https:\/\/garage79-garnier-automobiles.fr\/nov-apijson\/wp\/v2\/media?parent=2931"}],"wp:term":[{"taxonomy":"product_brand","embeddable":true,"href":"https:\/\/garage79-garnier-automobiles.fr\/nov-apijson\/wp\/v2\/product_brand?post=2931"},{"taxonomy":"product_cat","embeddable":true,"href":"https:\/\/garage79-garnier-automobiles.fr\/nov-apijson\/wp\/v2\/product_cat?post=2931"},{"taxonomy":"product_tag","embeddable":true,"href":"https:\/\/garage79-garnier-automobiles.fr\/nov-apijson\/wp\/v2\/product_tag?post=2931"}],"curies":[{"name":"wp","href":"https:\/\/api.w.org\/{rel}","templated":true}]}}